{"id":651,"date":"2025-08-13T13:18:02","date_gmt":"2025-08-13T11:18:02","guid":{"rendered":"https:\/\/aemam.org\/formacion\/"},"modified":"2026-02-12T11:24:24","modified_gmt":"2026-02-12T09:24:24","slug":"formacion","status":"publish","type":"page","link":"https:\/\/www.aemam.org\/es\/formacion\/","title":{"rendered":"Formaci\u00f3n"},"content":{"rendered":"\t\t<div data-elementor-type=\"wp-page\" data-elementor-id=\"651\" class=\"elementor elementor-651 elementor-18\" data-elementor-post-type=\"page\">\n\t\t\t\t<div class=\"elementor-element elementor-element-2f279ef e-flex e-con-boxed e-con e-parent\" data-id=\"2f279ef\" data-element_type=\"container\" data-e-type=\"container\" data-settings=\"{&quot;background_background&quot;:&quot;classic&quot;}\">\n\t\t\t\t\t<div class=\"e-con-inner\">\n\t\t\t\t\t<\/div>\n\t\t\t\t<\/div>\n\t\t<div class=\"elementor-element elementor-element-9ed57c7 e-flex e-con-boxed e-con e-parent\" data-id=\"9ed57c7\" data-element_type=\"container\" data-e-type=\"container\">\n\t\t\t\t\t<div class=\"e-con-inner\">\n\t\t\t\t<div class=\"elementor-element elementor-element-56e7e6e elementor-widget elementor-widget-heading\" data-id=\"56e7e6e\" data-element_type=\"widget\" data-e-type=\"widget\" data-widget_type=\"heading.default\">\n\t\t\t\t\t<h1 class=\"elementor-heading-title elementor-size-default\">Formaci\u00f3n<\/h1>\t\t\t\t<\/div>\n\t\t\t\t\t<\/div>\n\t\t\t\t<\/div>\n\t\t<div class=\"elementor-element elementor-element-0f89b3b e-flex e-con-boxed e-con e-parent\" data-id=\"0f89b3b\" data-element_type=\"container\" data-e-type=\"container\">\n\t\t\t\t\t<div class=\"e-con-inner\">\n\t\t\t\t<div class=\"elementor-element elementor-element-8d44b89 elementor-grid-3 elementor-grid-tablet-2 elementor-grid-mobile-1 elementor-posts--thumbnail-top elementor-widget elementor-widget-posts\" data-id=\"8d44b89\" data-element_type=\"widget\" data-e-type=\"widget\" data-settings=\"{&quot;classic_columns&quot;:&quot;3&quot;,&quot;classic_columns_tablet&quot;:&quot;2&quot;,&quot;classic_columns_mobile&quot;:&quot;1&quot;,&quot;classic_row_gap&quot;:{&quot;unit&quot;:&quot;px&quot;,&quot;size&quot;:35,&quot;sizes&quot;:[]},&quot;classic_row_gap_tablet&quot;:{&quot;unit&quot;:&quot;px&quot;,&quot;size&quot;:&quot;&quot;,&quot;sizes&quot;:[]},&quot;classic_row_gap_mobile&quot;:{&quot;unit&quot;:&quot;px&quot;,&quot;size&quot;:&quot;&quot;,&quot;sizes&quot;:[]}}\" data-widget_type=\"posts.classic\">\n\t\t\t\t<div class=\"elementor-widget-container\">\n\t\t\t\t\t\t\t<div class=\"elementor-posts-container elementor-posts elementor-posts--skin-classic elementor-grid\" role=\"list\">\n\t\t\t\t<article class=\"elementor-post elementor-grid-item post-1248 post type-post status-publish format-standard has-post-thumbnail hentry category-cursos\" role=\"listitem\">\n\t\t\t\t<a class=\"elementor-post__thumbnail__link\" href=\"https:\/\/www.aemam.org\/es\/curso-obligatorio-prl-20-horas-para-cerrajeros-metalicos\/\" tabindex=\"-1\" >\n\t\t\t<div class=\"elementor-post__thumbnail\"><img fetchpriority=\"high\" decoding=\"async\" width=\"768\" height=\"512\" src=\"https:\/\/www.aemam.org\/wp-content\/uploads\/2025\/09\/trabajos-de-soldadura-con-construccion-metalica-en-una-fabrica-metalurgica-muy-concurrida-768x512.jpg\" class=\"attachment-medium_large size-medium_large wp-image-614\" alt=\"AEMAM - Associaci\u00f3 d&#039;Empresaris Metal\u00b7l\u00fargics de l&#039;Alt Maresme\" srcset=\"https:\/\/www.aemam.org\/wp-content\/uploads\/2025\/09\/trabajos-de-soldadura-con-construccion-metalica-en-una-fabrica-metalurgica-muy-concurrida-768x512.jpg 768w, https:\/\/www.aemam.org\/wp-content\/uploads\/2025\/09\/trabajos-de-soldadura-con-construccion-metalica-en-una-fabrica-metalurgica-muy-concurrida-300x200.jpg 300w, https:\/\/www.aemam.org\/wp-content\/uploads\/2025\/09\/trabajos-de-soldadura-con-construccion-metalica-en-una-fabrica-metalurgica-muy-concurrida-1024x683.jpg 1024w, https:\/\/www.aemam.org\/wp-content\/uploads\/2025\/09\/trabajos-de-soldadura-con-construccion-metalica-en-una-fabrica-metalurgica-muy-concurrida-1536x1024.jpg 1536w, https:\/\/www.aemam.org\/wp-content\/uploads\/2025\/09\/trabajos-de-soldadura-con-construccion-metalica-en-una-fabrica-metalurgica-muy-concurrida.jpg 1920w\" sizes=\"(max-width: 768px) 100vw, 768px\" \/><\/div>\n\t\t<\/a>\n\t\t\t\t<div class=\"elementor-post__text\">\n\t\t\t\t<h3 class=\"elementor-post__title\">\n\t\t\t<a href=\"https:\/\/www.aemam.org\/es\/curso-obligatorio-prl-20-horas-para-cerrajeros-metalicos\/\" >\n\t\t\t\tCurso obligatorio PRL 20 horas para cerrajeros met\u00e1licos\t\t\t<\/a>\n\t\t<\/h3>\n\t\t\t\t<div class=\"elementor-post__excerpt\">\n\t\t\t<p>La Associaci\u00f3 d&#8217;Empresaris Metal\u00b7l\u00fargics de l&#8217;Alt Maresme tiene programado realizar desde el pr\u00f3ximo d\u00eda 17 de noviembre de 2025 el curso: PRL PARA TRABAJOS DE<\/p>\n\t\t<\/div>\n\t\t\n\t\t<a class=\"elementor-post__read-more\" href=\"https:\/\/www.aemam.org\/es\/curso-obligatorio-prl-20-horas-para-cerrajeros-metalicos\/\" aria-label=\"M\u00e1s informaci\u00f3n sobre Curso obligatorio PRL 20 horas para cerrajeros met\u00e1licos\" tabindex=\"-1\" >\n\t\t\t Leer m\u00e1s\u00bb\t\t<\/a>\n\n\t\t\t\t<\/div>\n\t\t\t\t<\/article>\n\t\t\t\t<article class=\"elementor-post elementor-grid-item post-662 post type-post status-publish format-standard has-post-thumbnail hentry category-jornadas\" role=\"listitem\">\n\t\t\t\t<a class=\"elementor-post__thumbnail__link\" href=\"https:\/\/www.aemam.org\/es\/jornadas-de-formacion-acoso-laboral\/\" tabindex=\"-1\" >\n\t\t\t<div class=\"elementor-post__thumbnail\"><img decoding=\"async\" width=\"768\" height=\"317\" src=\"https:\/\/www.aemam.org\/wp-content\/uploads\/2025\/09\/shutterstock_674781289-768x317.jpg\" class=\"attachment-medium_large size-medium_large wp-image-652\" alt=\"AEMAM - Associaci\u00f3 d&#039;Empresaris Metal\u00b7l\u00fargics de l&#039;Alt Maresme\" srcset=\"https:\/\/www.aemam.org\/wp-content\/uploads\/2025\/09\/shutterstock_674781289-768x317.jpg 768w, https:\/\/www.aemam.org\/wp-content\/uploads\/2025\/09\/shutterstock_674781289-300x124.jpg 300w, https:\/\/www.aemam.org\/wp-content\/uploads\/2025\/09\/shutterstock_674781289-1024x423.jpg 1024w, https:\/\/www.aemam.org\/wp-content\/uploads\/2025\/09\/shutterstock_674781289-1536x634.jpg 1536w, https:\/\/www.aemam.org\/wp-content\/uploads\/2025\/09\/shutterstock_674781289.jpg 1800w\" sizes=\"(max-width: 768px) 100vw, 768px\" \/><\/div>\n\t\t<\/a>\n\t\t\t\t<div class=\"elementor-post__text\">\n\t\t\t\t<h3 class=\"elementor-post__title\">\n\t\t\t<a href=\"https:\/\/www.aemam.org\/es\/jornadas-de-formacion-acoso-laboral\/\" >\n\t\t\t\tSesi\u00f3n informativa sobre el art\u00edculo 19 de la Ley 31\/1995 de Prevenci\u00f3n de Riesgos Laborales\t\t\t<\/a>\n\t\t<\/h3>\n\t\t\t\t<div class=\"elementor-post__excerpt\">\n\t\t\t<p>El pr\u00f3ximo mes de diciembre tendr\u00e1 lugar una charla informativa sobre el art\u00edculo 19 de la Ley 31\/1995, de Prevenci\u00f3n de Riesgos Laborales, en lo<\/p>\n\t\t<\/div>\n\t\t\n\t\t<a class=\"elementor-post__read-more\" href=\"https:\/\/www.aemam.org\/es\/jornadas-de-formacion-acoso-laboral\/\" aria-label=\"M\u00e1s informaci\u00f3n sobre Sesi\u00f3n informativa sobre el art\u00edculo 19 de la Ley 31\/1995 de Prevenci\u00f3n de Riesgos Laborales\" tabindex=\"-1\" >\n\t\t\t Leer m\u00e1s\u00bb\t\t<\/a>\n\n\t\t\t\t<\/div>\n\t\t\t\t<\/article>\n\t\t\t\t<article class=\"elementor-post elementor-grid-item post-663 post type-post status-publish format-standard has-post-thumbnail hentry category-cursos\" role=\"listitem\">\n\t\t\t\t<a class=\"elementor-post__thumbnail__link\" href=\"https:\/\/www.aemam.org\/es\/curso-obligatorio-de-prl-de-reciclaje-para-cerrajeros-de-4-horas\/\" tabindex=\"-1\" >\n\t\t\t<div class=\"elementor-post__thumbnail\"><img decoding=\"async\" width=\"768\" height=\"512\" src=\"https:\/\/www.aemam.org\/wp-content\/uploads\/2025\/09\/trabajador-haciendo-puerta-por-maquina-cortadora-de-acero-electrica-768x512.jpg\" class=\"attachment-medium_large size-medium_large wp-image-620\" alt=\"AEMAM - Associaci\u00f3 d&#039;Empresaris Metal\u00b7l\u00fargics de l&#039;Alt Maresme\" srcset=\"https:\/\/www.aemam.org\/wp-content\/uploads\/2025\/09\/trabajador-haciendo-puerta-por-maquina-cortadora-de-acero-electrica-768x512.jpg 768w, https:\/\/www.aemam.org\/wp-content\/uploads\/2025\/09\/trabajador-haciendo-puerta-por-maquina-cortadora-de-acero-electrica-300x200.jpg 300w, https:\/\/www.aemam.org\/wp-content\/uploads\/2025\/09\/trabajador-haciendo-puerta-por-maquina-cortadora-de-acero-electrica-1024x683.jpg 1024w, https:\/\/www.aemam.org\/wp-content\/uploads\/2025\/09\/trabajador-haciendo-puerta-por-maquina-cortadora-de-acero-electrica-1536x1025.jpg 1536w, https:\/\/www.aemam.org\/wp-content\/uploads\/2025\/09\/trabajador-haciendo-puerta-por-maquina-cortadora-de-acero-electrica.jpg 1920w\" sizes=\"(max-width: 768px) 100vw, 768px\" \/><\/div>\n\t\t<\/a>\n\t\t\t\t<div class=\"elementor-post__text\">\n\t\t\t\t<h3 class=\"elementor-post__title\">\n\t\t\t<a href=\"https:\/\/www.aemam.org\/es\/curso-obligatorio-de-prl-de-reciclaje-para-cerrajeros-de-4-horas\/\" >\n\t\t\t\tCurso obligatorio de PRL de reciclaje para cerrajeros de 4 horas\t\t\t<\/a>\n\t\t<\/h3>\n\t\t\t\t<div class=\"elementor-post__excerpt\">\n\t\t\t<p>La Associaci\u00f3 d&#8217;Empresaris Metal\u00b7l\u00fargics de l&#8217;Alt Maresme tiene programado realizar el pr\u00f3ximo 3 de diciembre de 2025 el curso: RECICLAJE DE PREVENCI\u00d3N DE RIESGOS LABORALES<\/p>\n\t\t<\/div>\n\t\t\n\t\t<a class=\"elementor-post__read-more\" href=\"https:\/\/www.aemam.org\/es\/curso-obligatorio-de-prl-de-reciclaje-para-cerrajeros-de-4-horas\/\" aria-label=\"M\u00e1s informaci\u00f3n sobre Curso obligatorio de PRL de reciclaje para cerrajeros de 4 horas\" tabindex=\"-1\" >\n\t\t\t Leer m\u00e1s\u00bb\t\t<\/a>\n\n\t\t\t\t<\/div>\n\t\t\t\t<\/article>\n\t\t\t\t<article class=\"elementor-post elementor-grid-item post-664 post type-post status-publish format-standard has-post-thumbnail hentry category-cursos\" role=\"listitem\">\n\t\t\t\t<a class=\"elementor-post__thumbnail__link\" href=\"https:\/\/www.aemam.org\/es\/curso-obligatorio-de-prl-para-instaladores-de-20-horas\/\" tabindex=\"-1\" >\n\t\t\t<div class=\"elementor-post__thumbnail\"><img loading=\"lazy\" decoding=\"async\" width=\"768\" height=\"512\" src=\"https:\/\/www.aemam.org\/wp-content\/uploads\/2025\/10\/imatge-AEMAM-768x512.jpg\" class=\"attachment-medium_large size-medium_large wp-image-656\" alt=\"AEMAM - Associaci\u00f3 d&#039;Empresaris Metal\u00b7l\u00fargics de l&#039;Alt Maresme\" srcset=\"https:\/\/www.aemam.org\/wp-content\/uploads\/2025\/10\/imatge-AEMAM-768x512.jpg 768w, https:\/\/www.aemam.org\/wp-content\/uploads\/2025\/10\/imatge-AEMAM-300x200.jpg 300w, https:\/\/www.aemam.org\/wp-content\/uploads\/2025\/10\/imatge-AEMAM.jpg 900w\" sizes=\"(max-width: 768px) 100vw, 768px\" \/><\/div>\n\t\t<\/a>\n\t\t\t\t<div class=\"elementor-post__text\">\n\t\t\t\t<h3 class=\"elementor-post__title\">\n\t\t\t<a href=\"https:\/\/www.aemam.org\/es\/curso-obligatorio-de-prl-para-instaladores-de-20-horas\/\" >\n\t\t\t\tCurso obligatorio de PRL para instaladores de 20 horas\t\t\t<\/a>\n\t\t<\/h3>\n\t\t\t\t<div class=\"elementor-post__excerpt\">\n\t\t\t<p>La Associaci\u00f3 d&#8217;Empresaris Metal\u00b7l\u00fargics de l&#8217;Alt Maresme tiene programado realizar durante el pr\u00f3ximo mes de octubre 2025 el curso: PRL PARA TRABAJOS DE MONTAJE Y<\/p>\n\t\t<\/div>\n\t\t\n\t\t<a class=\"elementor-post__read-more\" href=\"https:\/\/www.aemam.org\/es\/curso-obligatorio-de-prl-para-instaladores-de-20-horas\/\" aria-label=\"M\u00e1s informaci\u00f3n sobre Curso obligatorio de PRL para instaladores de 20 horas\" tabindex=\"-1\" >\n\t\t\t Leer m\u00e1s\u00bb\t\t<\/a>\n\n\t\t\t\t<\/div>\n\t\t\t\t<\/article>\n\t\t\t\t<\/div>\n\t\t\n\t\t\t\t\t\t<\/div>\n\t\t\t\t<\/div>\n\t\t\t\t\t<\/div>\n\t\t\t\t<\/div>\n\t\t\t\t<\/div>\n\t\t","protected":false},"excerpt":{"rendered":"","protected":false},"author":1,"featured_media":0,"parent":0,"menu_order":0,"comment_status":"closed","ping_status":"closed","template":"elementor_header_footer","meta":{"_acf_changed":false,"footnotes":""},"class_list":["post-651","page","type-page","status-publish","hentry"],"acf":[],"yoast_head":"<!-- This site is optimized with the Yoast SEO plugin v26.9 - https:\/\/yoast.com\/product\/yoast-seo-wordpress\/ -->\n<title>Formaci\u00f3n - AEMAM<\/title>\n<meta name=\"description\" content=\"Descubre la oferta formativa que le ofrecemos desde la AEMAM.\" \/>\n<meta name=\"robots\" content=\"index, follow, max-snippet:-1, max-image-preview:large, max-video-preview:-1\" \/>\n<link rel=\"canonical\" href=\"https:\/\/www.aemam.org\/es\/formacion\/\" \/>\n<meta property=\"og:locale\" content=\"es_ES\" \/>\n<meta property=\"og:type\" content=\"article\" \/>\n<meta property=\"og:title\" content=\"Formaci\u00f3n - AEMAM\" \/>\n<meta property=\"og:description\" content=\"Descubre la oferta formativa que le ofrecemos desde la AEMAM.\" \/>\n<meta property=\"og:url\" content=\"https:\/\/www.aemam.org\/es\/formacion\/\" \/>\n<meta property=\"og:site_name\" content=\"AEMAM\" \/>\n<meta property=\"article:modified_time\" content=\"2026-02-12T09:24:24+00:00\" \/>\n<meta name=\"twitter:card\" content=\"summary_large_image\" \/>\n<script type=\"application\/ld+json\" class=\"yoast-schema-graph\">{\"@context\":\"https:\/\/schema.org\",\"@graph\":[{\"@type\":\"WebPage\",\"@id\":\"https:\/\/www.aemam.org\/es\/formacion\/\",\"url\":\"https:\/\/www.aemam.org\/es\/formacion\/\",\"name\":\"Formaci\u00f3n - AEMAM\",\"isPartOf\":{\"@id\":\"https:\/\/www.aemam.org\/es\/#website\"},\"datePublished\":\"2025-08-13T11:18:02+00:00\",\"dateModified\":\"2026-02-12T09:24:24+00:00\",\"description\":\"Descubre la oferta formativa que le ofrecemos desde la AEMAM.\",\"breadcrumb\":{\"@id\":\"https:\/\/www.aemam.org\/es\/formacion\/#breadcrumb\"},\"inLanguage\":\"es\",\"potentialAction\":[{\"@type\":\"ReadAction\",\"target\":[\"https:\/\/www.aemam.org\/es\/formacion\/\"]}]},{\"@type\":\"BreadcrumbList\",\"@id\":\"https:\/\/www.aemam.org\/es\/formacion\/#breadcrumb\",\"itemListElement\":[{\"@type\":\"ListItem\",\"position\":1,\"name\":\"Inici\",\"item\":\"https:\/\/www.aemam.org\/es\/inicio\/\"},{\"@type\":\"ListItem\",\"position\":2,\"name\":\"Formaci\u00f3n\"}]},{\"@type\":\"WebSite\",\"@id\":\"https:\/\/www.aemam.org\/es\/#website\",\"url\":\"https:\/\/www.aemam.org\/es\/\",\"name\":\"AEMAM\",\"description\":\"Associaci\u00f3 d&#039;Empresaris Metal\u00b7l\u00fargics de l&#039;Alt Maresme\",\"publisher\":{\"@id\":\"https:\/\/www.aemam.org\/es\/#organization\"},\"potentialAction\":[{\"@type\":\"SearchAction\",\"target\":{\"@type\":\"EntryPoint\",\"urlTemplate\":\"https:\/\/www.aemam.org\/es\/?s={search_term_string}\"},\"query-input\":{\"@type\":\"PropertyValueSpecification\",\"valueRequired\":true,\"valueName\":\"search_term_string\"}}],\"inLanguage\":\"es\"},{\"@type\":\"Organization\",\"@id\":\"https:\/\/www.aemam.org\/es\/#organization\",\"name\":\"AEMAM\",\"url\":\"https:\/\/www.aemam.org\/es\/\",\"logo\":{\"@type\":\"ImageObject\",\"inLanguage\":\"es\",\"@id\":\"https:\/\/www.aemam.org\/es\/#\/schema\/logo\/image\/\",\"url\":\"https:\/\/www.aemam.org\/wp-content\/uploads\/2025\/08\/logo-aemam-blue.svg\",\"contentUrl\":\"https:\/\/www.aemam.org\/wp-content\/uploads\/2025\/08\/logo-aemam-blue.svg\",\"width\":849,\"height\":346,\"caption\":\"AEMAM\"},\"image\":{\"@id\":\"https:\/\/www.aemam.org\/es\/#\/schema\/logo\/image\/\"}}]}<\/script>\n<!-- \/ Yoast SEO plugin. -->","yoast_head_json":{"title":"Formaci\u00f3n - AEMAM","description":"Descubre la oferta formativa que le ofrecemos desde la AEMAM.","robots":{"index":"index","follow":"follow","max-snippet":"max-snippet:-1","max-image-preview":"max-image-preview:large","max-video-preview":"max-video-preview:-1"},"canonical":"https:\/\/www.aemam.org\/es\/formacion\/","og_locale":"es_ES","og_type":"article","og_title":"Formaci\u00f3n - AEMAM","og_description":"Descubre la oferta formativa que le ofrecemos desde la AEMAM.","og_url":"https:\/\/www.aemam.org\/es\/formacion\/","og_site_name":"AEMAM","article_modified_time":"2026-02-12T09:24:24+00:00","twitter_card":"summary_large_image","schema":{"@context":"https:\/\/schema.org","@graph":[{"@type":"WebPage","@id":"https:\/\/www.aemam.org\/es\/formacion\/","url":"https:\/\/www.aemam.org\/es\/formacion\/","name":"Formaci\u00f3n - AEMAM","isPartOf":{"@id":"https:\/\/www.aemam.org\/es\/#website"},"datePublished":"2025-08-13T11:18:02+00:00","dateModified":"2026-02-12T09:24:24+00:00","description":"Descubre la oferta formativa que le ofrecemos desde la AEMAM.","breadcrumb":{"@id":"https:\/\/www.aemam.org\/es\/formacion\/#breadcrumb"},"inLanguage":"es","potentialAction":[{"@type":"ReadAction","target":["https:\/\/www.aemam.org\/es\/formacion\/"]}]},{"@type":"BreadcrumbList","@id":"https:\/\/www.aemam.org\/es\/formacion\/#breadcrumb","itemListElement":[{"@type":"ListItem","position":1,"name":"Inici","item":"https:\/\/www.aemam.org\/es\/inicio\/"},{"@type":"ListItem","position":2,"name":"Formaci\u00f3n"}]},{"@type":"WebSite","@id":"https:\/\/www.aemam.org\/es\/#website","url":"https:\/\/www.aemam.org\/es\/","name":"AEMAM","description":"Associaci\u00f3 d&#039;Empresaris Metal\u00b7l\u00fargics de l&#039;Alt Maresme","publisher":{"@id":"https:\/\/www.aemam.org\/es\/#organization"},"potentialAction":[{"@type":"SearchAction","target":{"@type":"EntryPoint","urlTemplate":"https:\/\/www.aemam.org\/es\/?s={search_term_string}"},"query-input":{"@type":"PropertyValueSpecification","valueRequired":true,"valueName":"search_term_string"}}],"inLanguage":"es"},{"@type":"Organization","@id":"https:\/\/www.aemam.org\/es\/#organization","name":"AEMAM","url":"https:\/\/www.aemam.org\/es\/","logo":{"@type":"ImageObject","inLanguage":"es","@id":"https:\/\/www.aemam.org\/es\/#\/schema\/logo\/image\/","url":"https:\/\/www.aemam.org\/wp-content\/uploads\/2025\/08\/logo-aemam-blue.svg","contentUrl":"https:\/\/www.aemam.org\/wp-content\/uploads\/2025\/08\/logo-aemam-blue.svg","width":849,"height":346,"caption":"AEMAM"},"image":{"@id":"https:\/\/www.aemam.org\/es\/#\/schema\/logo\/image\/"}}]}},"_links":{"self":[{"href":"https:\/\/www.aemam.org\/es\/wp-json\/wp\/v2\/pages\/651","targetHints":{"allow":["GET"]}}],"collection":[{"href":"https:\/\/www.aemam.org\/es\/wp-json\/wp\/v2\/pages"}],"about":[{"href":"https:\/\/www.aemam.org\/es\/wp-json\/wp\/v2\/types\/page"}],"author":[{"embeddable":true,"href":"https:\/\/www.aemam.org\/es\/wp-json\/wp\/v2\/users\/1"}],"replies":[{"embeddable":true,"href":"https:\/\/www.aemam.org\/es\/wp-json\/wp\/v2\/comments?post=651"}],"version-history":[{"count":3,"href":"https:\/\/www.aemam.org\/es\/wp-json\/wp\/v2\/pages\/651\/revisions"}],"predecessor-version":[{"id":2413,"href":"https:\/\/www.aemam.org\/es\/wp-json\/wp\/v2\/pages\/651\/revisions\/2413"}],"wp:attachment":[{"href":"https:\/\/www.aemam.org\/es\/wp-json\/wp\/v2\/media?parent=651"}],"curies":[{"name":"wp","href":"https:\/\/api.w.org\/{rel}","templated":true}]}}