{"id":668,"date":"2025-08-13T13:19:14","date_gmt":"2025-08-13T11:19:14","guid":{"rendered":"https:\/\/aemam.org\/politica-de-privacitat\/"},"modified":"2025-10-02T12:18:56","modified_gmt":"2025-10-02T10:18:56","slug":"politica-de-privacidad","status":"publish","type":"page","link":"https:\/\/www.aemam.org\/es\/politica-de-privacidad\/","title":{"rendered":"Pol\u00edtica de privacidad"},"content":{"rendered":"\t\t<div data-elementor-type=\"wp-page\" data-elementor-id=\"668\" class=\"elementor elementor-668 elementor-30\" data-elementor-post-type=\"page\">\n\t\t\t\t<div class=\"elementor-element elementor-element-53a376aa e-flex e-con-boxed e-con e-parent\" data-id=\"53a376aa\" data-element_type=\"container\" data-e-type=\"container\">\n\t\t\t\t\t<div class=\"e-con-inner\">\n\t\t\t\t<div class=\"elementor-element elementor-element-27164ee1 elementor-widget elementor-widget-heading\" data-id=\"27164ee1\" data-element_type=\"widget\" data-e-type=\"widget\" data-widget_type=\"heading.default\">\n\t\t\t\t\t<h1 class=\"elementor-heading-title elementor-size-default\">Pol\u00edtica de privacidad<\/h1>\t\t\t\t<\/div>\n\t\t\t\t<div class=\"elementor-element elementor-element-3894039e elementor-widget elementor-widget-text-editor\" data-id=\"3894039e\" data-element_type=\"widget\" data-e-type=\"widget\" data-widget_type=\"text-editor.default\">\n\t\t\t\t\t\t\t\t\t<h3>INTRODUCCI\u00d3N<\/h3><p>Su privacidad es importante para nosotros, por eso, mediante este documento, le explicamos qu\u00e9 datos recogemos de los usuarios, c\u00f3mo los utilizamos y para qu\u00e9, entre otras indicaciones. Los mayores de 14 a\u00f1os pueden registrarse como usuarios sin el consentimiento previo de sus padres, tutores o representantes legales. En caso de menores de 14 a\u00f1os o identificados como \u201cincapaces legalmente\u201d, siempre necesitaremos el consentimiento paterno, o del tutor\/a o representante legal.<\/p><p>Para su informaci\u00f3n, nunca pediremos m\u00e1s informaci\u00f3n de la que realmente necesitemos para los servicios requeridos; nunca la compartiremos con terceros, salvo obligaci\u00f3n legal o con su autorizaci\u00f3n previa; y nunca utilizaremos sus datos para otra finalidad no indicada previamente.<\/p><p>Como usuarios, deber\u00e1n leer atentamente esta Pol\u00edtica de Privacidad de manera regular, y siempre que introduzcan sus datos personales, ya que este documento puede sufrir modificaciones puesto que el prestador puede modificar cualquier tipo de informaci\u00f3n que aparezca en la web para cumplir con la normativa o actualizar la pol\u00edtica, sin que exista la obligaci\u00f3n de preavisar o poner en conocimiento de los usuarios estas modificaciones, siendo suficiente su publicaci\u00f3n en el sitio web del prestador.<\/p><h3>RESPONSABLE DEL TRATAMIENTO<\/h3><ul><li>Identidad: <strong>ASSOCIACI\u00d3 D\u2019EMPRESARIS METAL\u00b7L\u00daRGICS DE L\u2019ALT MARESME<\/strong> (tambi\u00e9n el prestador)<\/li><li>NIF: <strong>G08621609<\/strong><\/li><li>Direcci\u00f3n postal: <strong>Carrer de Sant Pere, 56, Entlo, 08370, Calella, Barcelona<\/strong><\/li><li>Correo electr\u00f3nico: <a href=\"mailto:info@aemam.org\"><strong>info@aemam.org<\/strong><\/a><\/li><\/ul><p><strong>ASSOCIACI\u00d3 D\u2019EMPRESARIS METAL\u00b7L\u00daRGICS DE L\u2019ALT MARESME<\/strong>, como responsable del sitio web, de conformidad con lo dispuesto en el Reglamento (UE) 2016\/679 de 27 de abril de 2016 (RGPD) relativo a la protecci\u00f3n de las personas f\u00edsicas en lo que respecta al tratamiento de datos personales y a la libre circulaci\u00f3n de estos datos y el resto de normativa vigente en materia de protecci\u00f3n de datos personales, y por la Ley 34\/2002, de 11 de julio, de Servicios de la Sociedad de la Informaci\u00f3n y del Comercio Electr\u00f3nico (LSSICE), le informa que tiene implementadas las medidas de seguridad necesarias, de \u00edndole t\u00e9cnica y organizativa, para garantizar y proteger la confidencialidad, la integridad y la disponibilidad de los datos introducidos.<\/p><h3>M\u00c9TODO DE OBTENCI\u00d3N DE LOS DATOS Y DATOS QUE RECOGEMOS<\/h3><p>Los datos que recogemos y c\u00f3mo los obtenemos son los siguientes:<\/p><ol><li>Mediante el formulario de contacto: nombre, correo electr\u00f3nico, tel\u00e9fono.<\/li><\/ol><p>No se tratan categor\u00edas de datos especialmente protegidos.<\/p><h3>FINALIDAD DEL TRATAMIENTO<\/h3><p>Sus datos personales solo se utilizar\u00e1n para las siguientes finalidades, prestando su consentimiento para cada una de ellas en el apartado correspondiente de la web:<\/p><ol><li><strong>Formulario de contacto:<\/strong> para responder a las consultas y\/o proporcionar informaciones requeridas por el Usuario;<\/li><li><strong>WhatsApp:<\/strong> el tratamiento de los datos que se lleven a cabo de las personas que realicen una consulta a trav\u00e9s de WhatsApp de <strong>ASSOCIACI\u00d3 D\u2019EMPRESARIS METAL\u00b7L\u00daRGICS DE L\u2019ALT MARESME<\/strong> se regir\u00e1 por este apartado, as\u00ed como aquellas condiciones de uso, pol\u00edticas de privacidad y normativas de acceso que pertenezcan a la aplicaci\u00f3n y que sean aceptadas previamente por el usuario. <strong>ASSOCIACI\u00d3 D\u2019EMPRESARIS METAL\u00b7L\u00daRGICS DE L\u2019ALT MARESME<\/strong> tratar\u00e1 sus datos con la finalidad de administrar correctamente su consulta as\u00ed como cualquier otra finalidad de la gesti\u00f3n administrativa del servicio. Queda prohibido el uso del WhatsApp de <strong>ASSOCIACI\u00d3 D\u2019EMPRESARIS METAL\u00b7L\u00daRGICS DE L\u2019ALT MARESME<\/strong> para el env\u00edo de contenidos que no sean necesarios para la respuesta a la consulta y que sean il\u00edcitos por la normativa nacional o internacional, que atenten contra los derechos fundamentales de las personas y, en general, que contravengan los principios de legalidad, honradez, responsabilidad, protecci\u00f3n de la vida privada, protecci\u00f3n del consumidor y los derechos de propiedad intelectual e industrial.<\/li><li><strong>Otras finalidades:<\/strong><ul><li>Realizar las gestiones comerciales, administrativas, fiscales y contables que sean necesarias en virtud de la legislaci\u00f3n vigente;<\/li><li>Conocer su opini\u00f3n y mejorar los servicios prestados por la web;<\/li><li>Realizar an\u00e1lisis de usabilidad de la web, a trav\u00e9s de las cookies (mencionadas en la pol\u00edtica de cookies);<\/li><li>Redes sociales: en el apartado correspondiente se especifica el uso de las redes sociales.<\/li><\/ul><\/li><\/ol><p>Las fotograf\u00edas que est\u00e9n publicadas en la web son propiedad de <strong>ASSOCIACI\u00d3 D\u2019EMPRESARIS METAL\u00b7L\u00daRGICS DE L\u2019ALT MARESME<\/strong>, incluidas las de clientes, en las cuales, para obtenerlas, se ha recabado el consentimiento previo mediante la firma de los formularios realizados a tal efecto. No obstante, como titulares del ejercicio de sus derechos, y siempre con el requerimiento formal previo por escrito, pueden indicar la negativa al uso de su imagen.<\/p><p>Puede revocar en cualquier momento su consentimiento enviando un escrito con el asunto \u201cBaja\u201d al correo electr\u00f3nico indicado.<\/p><p>De acuerdo con la LSSICE, <strong>ASSOCIACI\u00d3 D\u2019EMPRESARIS METAL\u00b7L\u00daRGICS DE L\u2019ALT MARESME<\/strong> no realiza pr\u00e1cticas de SPAM, por lo tanto, no env\u00eda correos comerciales por e-mail que no hayan sido previamente solicitados o autorizados por el Usuario. En consecuencia, en todas las comunicaciones que reciba del prestador, el usuario tendr\u00e1 la posibilidad de cancelar su consentimiento expreso para recibir nuestras comunicaciones.<br \/>No trataremos sus datos personales para ninguna otra finalidad distinta de las descritas, salvo obligaci\u00f3n legal o requerimiento judicial.<br \/>No ser\u00e1 objeto de decisiones basadas en tratamientos automatizados que produzcan efectos sobre sus datos.<\/p><h3>LEGITIMACI\u00d3N DEL TRATAMIENTO<\/h3><p>La base legal para el tratamiento de los datos es su consentimiento otorgado en el momento de facilitar los datos en el formulario correspondiente para llevar a cabo las finalidades, en el momento de marcar la casilla de verificaci\u00f3n.<\/p><p>No facilitar los datos personales solicitados o no aceptar esta pol\u00edtica de privacidad supone la imposibilidad de alcanzar las finalidades anteriormente descritas.<\/p><p>En los casos en que exista una relaci\u00f3n contractual previa entre las partes, la legitimaci\u00f3n para el desarrollo de las obligaciones administrativas, fiscales, contables y laborales que sean necesarias en virtud de la legislaci\u00f3n vigente ser\u00e1 <strong>la existencia previa de la relaci\u00f3n comercial<\/strong> establecida entre las partes.<\/p><p>La oferta prospectiva o comercial de productos y servicios est\u00e1 basada en el consentimiento que se le solicita, sin que en ning\u00fan caso la retirada de este consentimiento condicione la ejecuci\u00f3n del contrato de suscripci\u00f3n.<\/p><h3>PLAZO DE CONSERVACI\u00d3N DE LOS DATOS<\/h3><p>Sus datos se conservar\u00e1n mientras dure la relaci\u00f3n comercial con nosotros o ejerza su derecho de cancelaci\u00f3n, oposici\u00f3n o limitaci\u00f3n al tratamiento. No obstante, conservaremos sus datos en los plazos legalmente previstos en las disposiciones aplicables.<\/p><h3>DESTINATARIOS DE CESIONES O TRANSFERENCIAS<\/h3><p><strong>ASSOCIACI\u00d3 D\u2019EMPRESARIS METAL\u00b7L\u00daRGICS DE L\u2019ALT MARESME no realiza ninguna cesi\u00f3n o comunicaci\u00f3n de datos ni dentro ni fuera de la UE.<\/strong> El prestador \u00fanicamente facilitar\u00e1 informaci\u00f3n a las fuerzas y cuerpos de seguridad bajo orden judicial o por obligaci\u00f3n legal, sin perjuicio de poder bloquear o cancelar su cuenta si pudiera haber indicios de la comisi\u00f3n de alg\u00fan delito por parte del usuario. La informaci\u00f3n facilitada ser\u00e1 \u00fanicamente la que disponga en ese momento el prestador.<\/p><p>La informaci\u00f3n que nos proporcione a trav\u00e9s de este sitio web ser\u00e1 alojada en los servidores de <strong>ASSOCIACI\u00d3 D\u2019EMPRESARIS METAL\u00b7L\u00daRGICS DE L\u2019ALT MARESME<\/strong>, contratados a la empresa que presta el servicio de alojamiento de la web. El tratamiento de los datos de la entidad est\u00e1 regulado mediante un contrato de encargado del tratamiento entre el prestador y dicha empresa.<\/p><p>Asimismo, el prestador utiliza determinadas herramientas para prestar servicios necesarios para el desarrollo de la actividad, pudiendo almacenar sus datos. Estas herramientas son las siguientes:<\/p><p><strong>Google Analytics<\/strong>: para realizar un an\u00e1lisis y m\u00e9trica del uso que los usuarios hacen de la web a trav\u00e9s de las cookies. La informaci\u00f3n que generan y recopilan estas cookies sobre el uso (incluyendo la direcci\u00f3n IP) ser\u00e1 directamente transmitida y archivada por Google Inc., ubicada en Delaware, 1600 Amphitheatre Parkway, Mountain View (California), CA 94043, Estados Unidos (\u201cGoogle\u201d), en sus servidores de Estados Unidos.<\/p><h3>DERECHOS DE LAS PERSONAS INTERESADAS<\/h3><p>Como usuario-interesado, puede solicitar el ejercicio de los siguientes derechos ante <strong>ASSOCIACI\u00d3 D\u2019EMPRESARIS METAL\u00b7L\u00daRGICS DE L\u2019ALT MARESME<\/strong> presentando un escrito a la direcci\u00f3n postal del encabezamiento o enviando un correo electr\u00f3nico a <a href=\"mailto:info@aemam.org\">info@aemam.org<\/a>, indicando como Asunto: \u201cPROTECCI\u00d3N DE DATOS: DERECHOS DE LOS AFECTADOS\u201d, y adjuntando fotocopia de su DNI o cualquier medio an\u00e1logo en derecho, tal como indica la ley.<\/p><p>Derechos:<\/p><ul><li><strong>Derecho de acceso:<\/strong> permite al interesado conocer y obtener informaci\u00f3n sobre sus datos de car\u00e1cter personal sometidos a tratamiento.<\/li><li><strong>Derecho de rectificaci\u00f3n o supresi\u00f3n:<\/strong> permite corregir errores y modificar los datos que resulten ser inexactos o incompletos.<\/li><li><strong>Derecho de cancelaci\u00f3n:<\/strong> permite que se supriman los datos que sean inadecuados o excesivos.<\/li><li><strong>Derecho de oposici\u00f3n:<\/strong> derecho del interesado a que no se lleve a cabo el tratamiento de sus datos de car\u00e1cter personal o se cese en el mismo.<\/li><li><strong>Limitaci\u00f3n del tratamiento:<\/strong> comporta el marcado de los datos personales conservados, para limitar su futuro tratamiento, para el ejercicio o la defensa de reclamaciones.<\/li><li><strong>Portabilidad de los datos:<\/strong> facilitaci\u00f3n de los datos objeto de tratamiento al interesado, para que este pueda transmitirlos a otro responsable, sin impedimentos.<\/li><li><strong>Derecho a no ser objeto de decisiones individuales automatizadas (incluida la elaboraci\u00f3n de perfiles)<\/strong>: derecho a no ser objeto de una decisi\u00f3n basada en el tratamiento automatizado que produzca efectos o afecte significativamente.<\/li><\/ul><p>Como usuario, tiene derecho a retirar el consentimiento dado en cualquier momento. La retirada del consentimiento no afecta a la licitud del tratamiento efectuado antes de la retirada del mismo.<\/p><p>Tambi\u00e9n tiene derecho a presentar una reclamaci\u00f3n ante la autoridad de control si considera que sus derechos han sido vulnerados en relaci\u00f3n con la protecci\u00f3n de sus datos (aepd.es).<\/p><h3>INFORMACI\u00d3N ADICIONAL<\/h3><p><strong>MEDIDAS DE SEGURIDAD:<\/strong><\/p><p>Los datos que nos facilite se tratar\u00e1n de manera confidencial. El prestador ha adoptado todas las medidas t\u00e9cnicas y organizativas y todos los niveles de protecci\u00f3n necesarios para garantizar la seguridad en el tratamiento de los datos y evitar su alteraci\u00f3n, p\u00e9rdida, robo, tratamiento o acceso no autorizado, de acuerdo con el estado de la tecnolog\u00eda y la naturaleza de los datos almacenados. Asimismo, se garantiza tambi\u00e9n que el tratamiento y registro en ficheros, programas, sistemas o equipos, locales y centros cumplen los requisitos y las condiciones de integridad y seguridad establecidas en la normativa vigente.<\/p><h3>IDIOMA<\/h3><p>El idioma aplicable a esta pol\u00edtica de privacidad es el castellano. Por lo tanto, en caso de que hubiera alguna contradicci\u00f3n en alguna de las versiones facilitadas en otros idiomas, prevalecer\u00e1 la versi\u00f3n en catal\u00e1n.<\/p><h3>REDES SOCIALES<\/h3><p>Le informamos que <strong>ASSOCIACI\u00d3 D\u2019EMPRESARIS METAL\u00b7L\u00daRGICS DE L\u2019ALT MARESME<\/strong> puede tener presencia en redes sociales. El tratamiento de los datos que se lleve a cabo de las personas que se hagan seguidoras en las redes sociales (y\/o realicen cualquier enlace o acci\u00f3n de conexi\u00f3n a trav\u00e9s de las redes sociales) de las p\u00e1ginas oficiales de <strong>ASSOCIACI\u00d3 D\u2019EMPRESARIS METAL\u00b7L\u00daRGICS DE L\u2019ALT MARESME<\/strong> se regir\u00e1 por este apartado, as\u00ed como por aquellas condiciones de uso, pol\u00edticas de privacidad y normativas de acceso que pertenezcan a la red social y que sean aceptadas previamente por el usuario.<\/p><p><strong>ASSOCIACI\u00d3 D\u2019EMPRESARIS METAL\u00b7L\u00daRGICS DE L\u2019ALT MARESME<\/strong> tratar\u00e1 sus datos con las finalidades de administrar correctamente su presencia en la red social, informando de actividades, productos o servicios del prestador, as\u00ed como para cualquier otra finalidad que las normativas de las Redes Sociales permitan.<\/p><p>Queda prohibida la publicaci\u00f3n de contenidos:<\/p><ul><li>Que sean presuntamente il\u00edcitos por la normativa nacional, comunitaria o internacional o que realicen actividades presuntamente il\u00edcitas o contravengan los principios de la buena fe.<\/li><li>Que atenten contra los derechos fundamentales de las personas, falten a la cortes\u00eda en la red, molesten o puedan generar opiniones negativas en nuestros usuarios o terceros y, en general, sean cuales sean los contenidos que <strong>ASSOCIACI\u00d3 D\u2019EMPRESARIS METAL\u00b7L\u00daRGICS DE L\u2019ALT MARESME<\/strong> considere inadecuados.<\/li><li>Y, en general, que contravengan los principios de legalidad, honradez, responsabilidad, protecci\u00f3n de la dignidad humana, protecci\u00f3n de menores, protecci\u00f3n del orden p\u00fablico, protecci\u00f3n de la vida privada, protecci\u00f3n del consumidor y los derechos de propiedad intelectual e industrial.<\/li><\/ul><p>Asimismo, <strong>ASSOCIACI\u00d3 D\u2019EMPRESARIS METAL\u00b7L\u00daRGICS DE L\u2019ALT MARESME<\/strong> se reserva la potestad de retirar, sin aviso previo del sitio web o de la red social corporativa, aquellos contenidos que se consideren inadecuados.<\/p><p>En todo caso, si remite informaci\u00f3n personal a trav\u00e9s de la red social, <strong>ASSOCIACI\u00d3 D\u2019EMPRESARIS METAL\u00b7L\u00daRGICS DE L\u2019ALT MARESME<\/strong> quedar\u00e1 exenta de responsabilidad en relaci\u00f3n con las medidas de seguridad aplicables a esta plataforma y el usuario, en caso de querer conocerlas, debe consultar las condiciones particulares correspondientes de la red en cuesti\u00f3n.<\/p><h3>PUBLICACI\u00d3N DE SU TESTIMONIO<\/h3><p>En caso de que el usuario quiera publicar su opini\u00f3n en la web, le informamos de que los datos aportados ser\u00e1n tratados para atender las sugerencias propuestas, experiencias u opiniones respecto de los servicios para ser publicados en la p\u00e1gina web y as\u00ed poder ayudar a otros usuarios. Los datos se conservar\u00e1n mientras haya un inter\u00e9s mutuo para mantener la finalidad del tratamiento y, cuando ya no sea necesario para este fin, se suprimir\u00e1n con medidas de seguridad adecuadas para garantizar la seudonimizaci\u00f3n de los datos o destrucci\u00f3n total de estos. Los testimonios se publicar\u00e1n en nuestra p\u00e1gina web. El \u00fanico dato personal que se publicar\u00e1 del testimonio ser\u00e1 su nombre.<\/p><h3>CAMBIOS EN LA PRESENTE POL\u00cdTICA DE PRIVACIDAD<\/h3><p><strong>ASSOCIACI\u00d3 D\u2019EMPRESARIS METAL\u00b7L\u00daRGICS DE L\u2019ALT MARESME<\/strong> se reserva el derecho a modificar esta pol\u00edtica para adaptarla a novedades legislativas o jurisprudenciales.<\/p><h3>REVOCABILIDAD<\/h3><p>El consentimiento prestado, tanto para el tratamiento como para la cesi\u00f3n de los datos de los interesados, es revocable en cualquier momento comunic\u00e1ndolo a <strong>ASSOCIACI\u00d3 D\u2019EMPRESARIS METAL\u00b7L\u00daRGICS DE L\u2019ALT MARESME<\/strong> en los t\u00e9rminos establecidos en esta pol\u00edtica para el ejercicio de los derechos. Esta revocaci\u00f3n en ning\u00fan caso tiene car\u00e1cter retroactivo.<\/p><h3>LEGISLACI\u00d3N<\/h3><p>Con car\u00e1cter general, las relaciones entre <strong>ASSOCIACI\u00d3 D\u2019EMPRESARIS METAL\u00b7L\u00daRGICS DE L\u2019ALT MARESME<\/strong> con los Usuarios de sus servicios telem\u00e1ticos, presentes en esta web, est\u00e1n sometidas a la legislaci\u00f3n y jurisdicci\u00f3n espa\u00f1ola a la que se someten expresamente las partes, siendo competentes para la resoluci\u00f3n de todos los conflictos derivados o relacionados con su uso los Juzgados y Tribunales de Barcelona.<\/p>\t\t\t\t\t\t\t\t<\/div>\n\t\t\t\t\t<\/div>\n\t\t\t\t<\/div>\n\t\t\t\t<\/div>\n\t\t","protected":false},"excerpt":{"rendered":"<p>INTRODUCCI\u00d3N Su privacidad es importante para nosotros, por eso, mediante este documento, le explicamos qu\u00e9 datos recogemos de los usuarios, c\u00f3mo los utilizamos y para qu\u00e9, entre otras indicaciones. Los mayores de 14 a\u00f1os pueden registrarse como usuarios sin el consentimiento previo de sus padres, tutores o representantes legales. En caso de menores de 14 [&hellip;]<\/p>\n","protected":false},"author":1,"featured_media":0,"parent":0,"menu_order":0,"comment_status":"closed","ping_status":"closed","template":"elementor_header_footer","meta":{"_acf_changed":false,"footnotes":""},"class_list":["post-668","page","type-page","status-publish","hentry"],"acf":[],"yoast_head":"<!-- This site is optimized with the Yoast SEO plugin v26.9 - https:\/\/yoast.com\/product\/yoast-seo-wordpress\/ -->\n<title>Pol\u00edtica de privacidad - AEMAM<\/title>\n<meta name=\"description\" content=\"INTRODUCCI\u00d3NSu privacidad es importante para nosotros, por eso, mediante este documento, le explicamos qu\u00e9 datos recogemos de los usuarios, c\u00f3mo los\" \/>\n<meta name=\"robots\" content=\"index, follow, max-snippet:-1, max-image-preview:large, max-video-preview:-1\" \/>\n<link rel=\"canonical\" href=\"https:\/\/www.aemam.org\/es\/politica-de-privacidad\/\" \/>\n<meta property=\"og:locale\" content=\"es_ES\" \/>\n<meta property=\"og:type\" content=\"article\" \/>\n<meta property=\"og:title\" content=\"Pol\u00edtica de privacidad - AEMAM\" \/>\n<meta property=\"og:description\" content=\"INTRODUCCI\u00d3NSu privacidad es importante para nosotros, por eso, mediante este documento, le explicamos qu\u00e9 datos recogemos de los usuarios, c\u00f3mo los\" \/>\n<meta property=\"og:url\" content=\"https:\/\/www.aemam.org\/es\/politica-de-privacidad\/\" \/>\n<meta property=\"og:site_name\" content=\"AEMAM\" \/>\n<meta property=\"article:modified_time\" content=\"2025-10-02T10:18:56+00:00\" \/>\n<meta name=\"twitter:card\" content=\"summary_large_image\" \/>\n<meta name=\"twitter:label1\" content=\"Tiempo de lectura\" \/>\n\t<meta name=\"twitter:data1\" content=\"11 minutos\" \/>\n<script type=\"application\/ld+json\" class=\"yoast-schema-graph\">{\"@context\":\"https:\/\/schema.org\",\"@graph\":[{\"@type\":\"WebPage\",\"@id\":\"https:\/\/www.aemam.org\/es\/politica-de-privacidad\/\",\"url\":\"https:\/\/www.aemam.org\/es\/politica-de-privacidad\/\",\"name\":\"Pol\u00edtica de privacidad - AEMAM\",\"isPartOf\":{\"@id\":\"https:\/\/www.aemam.org\/es\/#website\"},\"datePublished\":\"2025-08-13T11:19:14+00:00\",\"dateModified\":\"2025-10-02T10:18:56+00:00\",\"description\":\"INTRODUCCI\u00d3NSu privacidad es importante para nosotros, por eso, mediante este documento, le explicamos qu\u00e9 datos recogemos de los usuarios, c\u00f3mo los\",\"breadcrumb\":{\"@id\":\"https:\/\/www.aemam.org\/es\/politica-de-privacidad\/#breadcrumb\"},\"inLanguage\":\"es\",\"potentialAction\":[{\"@type\":\"ReadAction\",\"target\":[\"https:\/\/www.aemam.org\/es\/politica-de-privacidad\/\"]}]},{\"@type\":\"BreadcrumbList\",\"@id\":\"https:\/\/www.aemam.org\/es\/politica-de-privacidad\/#breadcrumb\",\"itemListElement\":[{\"@type\":\"ListItem\",\"position\":1,\"name\":\"Inici\",\"item\":\"https:\/\/www.aemam.org\/es\/inicio\/\"},{\"@type\":\"ListItem\",\"position\":2,\"name\":\"Pol\u00edtica de privacidad\"}]},{\"@type\":\"WebSite\",\"@id\":\"https:\/\/www.aemam.org\/es\/#website\",\"url\":\"https:\/\/www.aemam.org\/es\/\",\"name\":\"AEMAM\",\"description\":\"Associaci\u00f3 d&#039;Empresaris Metal\u00b7l\u00fargics de l&#039;Alt Maresme\",\"publisher\":{\"@id\":\"https:\/\/www.aemam.org\/es\/#organization\"},\"potentialAction\":[{\"@type\":\"SearchAction\",\"target\":{\"@type\":\"EntryPoint\",\"urlTemplate\":\"https:\/\/www.aemam.org\/es\/?s={search_term_string}\"},\"query-input\":{\"@type\":\"PropertyValueSpecification\",\"valueRequired\":true,\"valueName\":\"search_term_string\"}}],\"inLanguage\":\"es\"},{\"@type\":\"Organization\",\"@id\":\"https:\/\/www.aemam.org\/es\/#organization\",\"name\":\"AEMAM\",\"url\":\"https:\/\/www.aemam.org\/es\/\",\"logo\":{\"@type\":\"ImageObject\",\"inLanguage\":\"es\",\"@id\":\"https:\/\/www.aemam.org\/es\/#\/schema\/logo\/image\/\",\"url\":\"https:\/\/www.aemam.org\/wp-content\/uploads\/2025\/08\/logo-aemam-blue.svg\",\"contentUrl\":\"https:\/\/www.aemam.org\/wp-content\/uploads\/2025\/08\/logo-aemam-blue.svg\",\"width\":849,\"height\":346,\"caption\":\"AEMAM\"},\"image\":{\"@id\":\"https:\/\/www.aemam.org\/es\/#\/schema\/logo\/image\/\"}}]}<\/script>\n<!-- \/ Yoast SEO plugin. -->","yoast_head_json":{"title":"Pol\u00edtica de privacidad - AEMAM","description":"INTRODUCCI\u00d3NSu privacidad es importante para nosotros, por eso, mediante este documento, le explicamos qu\u00e9 datos recogemos de los usuarios, c\u00f3mo los","robots":{"index":"index","follow":"follow","max-snippet":"max-snippet:-1","max-image-preview":"max-image-preview:large","max-video-preview":"max-video-preview:-1"},"canonical":"https:\/\/www.aemam.org\/es\/politica-de-privacidad\/","og_locale":"es_ES","og_type":"article","og_title":"Pol\u00edtica de privacidad - AEMAM","og_description":"INTRODUCCI\u00d3NSu privacidad es importante para nosotros, por eso, mediante este documento, le explicamos qu\u00e9 datos recogemos de los usuarios, c\u00f3mo los","og_url":"https:\/\/www.aemam.org\/es\/politica-de-privacidad\/","og_site_name":"AEMAM","article_modified_time":"2025-10-02T10:18:56+00:00","twitter_card":"summary_large_image","twitter_misc":{"Tiempo de lectura":"11 minutos"},"schema":{"@context":"https:\/\/schema.org","@graph":[{"@type":"WebPage","@id":"https:\/\/www.aemam.org\/es\/politica-de-privacidad\/","url":"https:\/\/www.aemam.org\/es\/politica-de-privacidad\/","name":"Pol\u00edtica de privacidad - AEMAM","isPartOf":{"@id":"https:\/\/www.aemam.org\/es\/#website"},"datePublished":"2025-08-13T11:19:14+00:00","dateModified":"2025-10-02T10:18:56+00:00","description":"INTRODUCCI\u00d3NSu privacidad es importante para nosotros, por eso, mediante este documento, le explicamos qu\u00e9 datos recogemos de los usuarios, c\u00f3mo los","breadcrumb":{"@id":"https:\/\/www.aemam.org\/es\/politica-de-privacidad\/#breadcrumb"},"inLanguage":"es","potentialAction":[{"@type":"ReadAction","target":["https:\/\/www.aemam.org\/es\/politica-de-privacidad\/"]}]},{"@type":"BreadcrumbList","@id":"https:\/\/www.aemam.org\/es\/politica-de-privacidad\/#breadcrumb","itemListElement":[{"@type":"ListItem","position":1,"name":"Inici","item":"https:\/\/www.aemam.org\/es\/inicio\/"},{"@type":"ListItem","position":2,"name":"Pol\u00edtica de privacidad"}]},{"@type":"WebSite","@id":"https:\/\/www.aemam.org\/es\/#website","url":"https:\/\/www.aemam.org\/es\/","name":"AEMAM","description":"Associaci\u00f3 d&#039;Empresaris Metal\u00b7l\u00fargics de l&#039;Alt Maresme","publisher":{"@id":"https:\/\/www.aemam.org\/es\/#organization"},"potentialAction":[{"@type":"SearchAction","target":{"@type":"EntryPoint","urlTemplate":"https:\/\/www.aemam.org\/es\/?s={search_term_string}"},"query-input":{"@type":"PropertyValueSpecification","valueRequired":true,"valueName":"search_term_string"}}],"inLanguage":"es"},{"@type":"Organization","@id":"https:\/\/www.aemam.org\/es\/#organization","name":"AEMAM","url":"https:\/\/www.aemam.org\/es\/","logo":{"@type":"ImageObject","inLanguage":"es","@id":"https:\/\/www.aemam.org\/es\/#\/schema\/logo\/image\/","url":"https:\/\/www.aemam.org\/wp-content\/uploads\/2025\/08\/logo-aemam-blue.svg","contentUrl":"https:\/\/www.aemam.org\/wp-content\/uploads\/2025\/08\/logo-aemam-blue.svg","width":849,"height":346,"caption":"AEMAM"},"image":{"@id":"https:\/\/www.aemam.org\/es\/#\/schema\/logo\/image\/"}}]}},"_links":{"self":[{"href":"https:\/\/www.aemam.org\/es\/wp-json\/wp\/v2\/pages\/668","targetHints":{"allow":["GET"]}}],"collection":[{"href":"https:\/\/www.aemam.org\/es\/wp-json\/wp\/v2\/pages"}],"about":[{"href":"https:\/\/www.aemam.org\/es\/wp-json\/wp\/v2\/types\/page"}],"author":[{"embeddable":true,"href":"https:\/\/www.aemam.org\/es\/wp-json\/wp\/v2\/users\/1"}],"replies":[{"embeddable":true,"href":"https:\/\/www.aemam.org\/es\/wp-json\/wp\/v2\/comments?post=668"}],"version-history":[{"count":8,"href":"https:\/\/www.aemam.org\/es\/wp-json\/wp\/v2\/pages\/668\/revisions"}],"predecessor-version":[{"id":688,"href":"https:\/\/www.aemam.org\/es\/wp-json\/wp\/v2\/pages\/668\/revisions\/688"}],"wp:attachment":[{"href":"https:\/\/www.aemam.org\/es\/wp-json\/wp\/v2\/media?parent=668"}],"curies":[{"name":"wp","href":"https:\/\/api.w.org\/{rel}","templated":true}]}}